{"id":753,"date":"2019-11-04T18:00:26","date_gmt":"2019-11-04T16:00:26","guid":{"rendered":"http:\/\/www.tv-essingen.de\/?page_id=753"},"modified":"2019-11-04T19:14:39","modified_gmt":"2019-11-04T17:14:39","slug":"mehrtagestouren","status":"publish","type":"page","link":"https:\/\/www.tv-essingen.de\/?page_id=753","title":{"rendered":"Mehrtagestouren"},"content":{"rendered":"<p><!-- x-tinymce\/html --><\/p>\n<p style=\"text-align: center;\"><strong>TVE, zum 6. Mal mit dem Rad\u2019l unterwegs<\/strong><\/p>\n<p style=\"text-align: center;\"><strong>1. \u2013 8. Juni 2020, \u201eWESER, vom Ursprung bis ans Meer\u201c<\/strong><\/p>\n<p>Die Teilnehmer der diesj\u00e4hrigen Radtour \u201eSpree \/ Spreewald\u201c haben abgestimmt und sich einstimmig f\u00fcr das Jahr 2020 die vier Sterne Qualit\u00e4tstour den \u201eWeser-Radweg\u201c ausgesucht. Mit Bus, H\u00e4nger und eigenen R\u00e4dern geht es am Pfingstmontag, 1. Juni los. Die R\u00fcckkehr ab Bremerhaven, teilweise mit der Deutschen Bahn, ist f\u00fcr Montag, 8. Juni vorgesehen.<\/p>\n<p>Der Weser-Radweg wurde zum wiederholten Male zum beliebtesten Radweg Deutschlands gew\u00e4hlt und geh\u00f6rt damit zu den attraktivsten Radwanderwegen in Deutschland. Sanfte H\u00fcgel und steile Bergr\u00fccken, idyllische T\u00e4ler und weite Ebenen, vorbei an Schl\u00f6ssern und Burgen der Weserrenaissance, romantische Fachwerkd\u00f6rfer und turbulentes Stadtleben. So vielf\u00e4ltig sind die Eindr\u00fccke, die uns auf der Tour erwarten. Die reine Etappentour startet in Hann. M\u00fcnden, wo \u201eWerra und Fulda sich k\u00fcssen\u201c und die Weser entsteht. Nach Ankunft werden wir uns noch gleicht\u00e4gig auf die R\u00e4der schwingen und eine erste Etappe mit Ziel Bad Karlshafen bew\u00e4ltigen (ca. 50 Km). Die weiteren \u00dcbernachtungsziele sind die Rattenf\u00e4ngerstadt Hameln, Minden, Nienburg, Verden und Bremen, ehe wir dann unser Ziel Bremerhaven erreichen, wo die Weser in die Nordsee m\u00fcndet. Insgesamt gilt es sportliche 470 Km zu bew\u00e4ltigen, im Schnitt 60 Km pro Tag. Die k\u00fcrzeste Etappe betr\u00e4gt 45 Km, die l\u00e4ngste gute 80 Km. \u00c4nderungen vorbehalten.<\/p>\n<p>Die Kosten \u2013 abh\u00e4ngig von der Teilnehmerzahl &#8211; mit 7 \u00dcbernachtungen, meist mit HP, in guten Mittelklassehotels, belaufen sich pro Person im DZ auf etwa 560,&#8211; \u20ac, im EZ auf ca. 660,&#8211; \u20ac.<\/p>\n<p>Interesse geweckt und die notwendige Kondition vorhanden? Dann m\u00f6glichst schnell &#8211; aber bitte bis sp\u00e4testens Ende Oktober &#8211; anmelden unter: kontakt@tv-essingen.de<\/p>\n<p style=\"text-align: center;\"><strong>TVE \u2013 \u201eMit\u2019m Radl unterwegs\u201c 2019<\/strong><\/p>\n<p><strong>\u00a0<\/strong>Wohlbehalten und um viele Eindr\u00fccke reicher ist die 9-k\u00f6pfige Radelgruppe des TVE am vergangenen Samstag von der einw\u00f6chigen Tour, welche entlang der Spree bis hinein in den Spreewald f\u00fchrte, zur\u00fcckgekehrt. Entgegen der weiten Anreise nach Bautzen und der R\u00fcckreise ab Burg mit insgesamt 1415 km nehmen sich die erradelten 275 Kilometer eher bescheiden aus. Dennoch, und in Anbetracht des hin und wieder heftigen Gegenwindes, darf die Gruppe stolz auf die mit Bravour gemeisterte Leistung sein und die diesj\u00e4hrige Tour, immerhin die 5te in Folge, kann somit einmal mehr als voller Erfolg gewertet werden.<\/p>\n<p>Erstes Highlight gleich nach Ankunft war ein Bummel durch die lebendige und liebevoll sanierte Altstadt von Bautzen, die Stadt der T\u00fcrme mit ihren Befestigungsanlagen und kleinen romantischen und verwinkelten Gassen. Am Folgetag hie\u00df es dann \u201eaufsitzen\u201c und auf dem Spreeradweg ging es entlang der noch jungen Spree in Richtung Norden. Ziel der ersten Tagesetappe (76 km) war Spremberg, die Perle der Lausitz. Der Weg f\u00fchrte weiter durch eine ausgedehnte Teich- und Seenlandschaft an rekultivierten Tagebauen vorbei bis nach Cottbus, einer der gr\u00fcnsten St\u00e4dte Deutschlands. Ein kleiner Abstecher zum Branitzer Park sowie ein Besuch beim Cottbusser Postkutscher in N\u00e4he des Altmarktes durften nat\u00fcrlich nicht fehlen. Im Umfeld des Braunkohlekraftwerkes J\u00e4nschwalde beeindruckten die quadratkilometer-gro\u00dfen tiefen Wunden welche die Schaufelradbagger bei Lakoma in die Erde gerissen haben. Schlie\u00dflich wurde das UNESCO-Biosph\u00e4renreservat Spreewald und kurz darauf auch Burg, letztes Etappenziel, erreicht.<\/p>\n<p>Gleich nach Zimmerbezug wartete bereits der F\u00e4hrmann und es hie\u00df umsteigen in einen Spreewaldkahn. Bei einer zweist\u00fcndigen Kahnpartie konnte die Gruppe dann aus einer ganz anderen Perspektive die Flie\u00dfe der Burger Wasserwelt genie\u00dfen und \u201ediese stille Poesie, dieses tiefe, fast m\u00e4rchenhafte Schweigen in lauschigen Gr\u00fcnden\u201c ersp\u00fcren. Dies hatte einst bereits Theodor Fontane in seinen Wanderungen durch die Mark Brandenburg festgestellt.<\/p>\n<p>In den Folgetagen beeindruckten immer wieder die gro\u00dfartige Wald- und Wiesenlandschaft des Spreewaldes mit den alten und herrlichen Alleen. Kein L\u00e4rm, kaum Autoverkehr und eine Region voller Eigenheiten mit intakter Natur. Vogelgezwitscher, das Quaken der Fr\u00f6sche und das Zirpen der Grillen waren denn auch stetige Begleiter durch das Labyrinth aus baumges\u00e4umten Flie\u00dfen, einsamen Spreewaldd\u00f6rfern mit alten reetgedeckten Geh\u00f6ften und geheimnisvollen Kultst\u00e4tten. Besuche im gesch\u00e4ftigeren L\u00fcbben und L\u00fcbbenau, die Slawenburg Raddusch, ein Rundgang durch die Windm\u00fchle in Straupitz sowie ein Besuch im Freilandmuseum Lehde rundeten das Programm ab. Ausgiebig verkostet wurden nat\u00fcrlich auch die \u00f6rtlichen Spezialit\u00e4ten wie Spreewaldgurken, Senf, Lein\u00f6l oder Hefeplinsen und das ein oder andere Glas wanderte als Mitbringsel ins Reisegep\u00e4ck.<\/p>\n<p>Schnell war man sich einig, dass auch im kommenden Jahr wieder eine Radtour angeboten werden soll. Die Vorarbeit hierzu hat bereits begonnen.<\/p>\n<p><a href=\"https:\/\/www.tv-essingen.de\/wp-content\/uploads\/2019\/05\/IMG_20190506_085921790.jpg\"><img loading=\"lazy\" decoding=\"async\" class=\"alignnone size-medium wp-image-1445\" src=\"https:\/\/www.tv-essingen.de\/wp-content\/uploads\/2019\/05\/IMG_20190506_085921790-300x225.jpg\" alt=\"\" width=\"300\" height=\"225\" srcset=\"https:\/\/www.tv-essingen.de\/wp-content\/uploads\/2019\/05\/IMG_20190506_085921790-300x225.jpg 300w, https:\/\/www.tv-essingen.de\/wp-content\/uploads\/2019\/05\/IMG_20190506_085921790-768x576.jpg 768w, https:\/\/www.tv-essingen.de\/wp-content\/uploads\/2019\/05\/IMG_20190506_085921790-1024x768.jpg 1024w\" sizes=\"auto, (max-width: 300px) 100vw, 300px\" \/><\/a><a href=\"https:\/\/www.tv-essingen.de\/wp-content\/uploads\/2019\/05\/IMG_20190506_154037617_HDR.jpg\"><img loading=\"lazy\" decoding=\"async\" class=\"alignnone size-medium wp-image-1446\" src=\"https:\/\/www.tv-essingen.de\/wp-content\/uploads\/2019\/05\/IMG_20190506_154037617_HDR-300x225.jpg\" alt=\"\" width=\"300\" height=\"225\" srcset=\"https:\/\/www.tv-essingen.de\/wp-content\/uploads\/2019\/05\/IMG_20190506_154037617_HDR-300x225.jpg 300w, https:\/\/www.tv-essingen.de\/wp-content\/uploads\/2019\/05\/IMG_20190506_154037617_HDR-768x576.jpg 768w, https:\/\/www.tv-essingen.de\/wp-content\/uploads\/2019\/05\/IMG_20190506_154037617_HDR-1024x768.jpg 1024w\" sizes=\"auto, (max-width: 300px) 100vw, 300px\" \/><\/a><a href=\"https:\/\/www.tv-essingen.de\/wp-content\/uploads\/2019\/05\/IMG_20190508_160353642.jpg\"><img loading=\"lazy\" decoding=\"async\" class=\"alignnone size-medium wp-image-1447\" src=\"https:\/\/www.tv-essingen.de\/wp-content\/uploads\/2019\/05\/IMG_20190508_160353642-300x225.jpg\" alt=\"\" width=\"300\" height=\"225\" srcset=\"https:\/\/www.tv-essingen.de\/wp-content\/uploads\/2019\/05\/IMG_20190508_160353642-300x225.jpg 300w, https:\/\/www.tv-essingen.de\/wp-content\/uploads\/2019\/05\/IMG_20190508_160353642-768x576.jpg 768w, https:\/\/www.tv-essingen.de\/wp-content\/uploads\/2019\/05\/IMG_20190508_160353642-1024x768.jpg 1024w\" sizes=\"auto, (max-width: 300px) 100vw, 300px\" \/><\/a><a href=\"https:\/\/www.tv-essingen.de\/wp-content\/uploads\/2019\/05\/IMG_20190509_143324695.jpg\"><img loading=\"lazy\" decoding=\"async\" class=\"alignnone size-medium wp-image-1448\" src=\"https:\/\/www.tv-essingen.de\/wp-content\/uploads\/2019\/05\/IMG_20190509_143324695-300x225.jpg\" alt=\"\" width=\"300\" height=\"225\" srcset=\"https:\/\/www.tv-essingen.de\/wp-content\/uploads\/2019\/05\/IMG_20190509_143324695-300x225.jpg 300w, https:\/\/www.tv-essingen.de\/wp-content\/uploads\/2019\/05\/IMG_20190509_143324695-768x576.jpg 768w, https:\/\/www.tv-essingen.de\/wp-content\/uploads\/2019\/05\/IMG_20190509_143324695-1024x768.jpg 1024w\" sizes=\"auto, (max-width: 300px) 100vw, 300px\" \/><\/a><a href=\"https:\/\/www.tv-essingen.de\/wp-content\/uploads\/2019\/05\/IMG_20190509_162927171.jpg\"><img loading=\"lazy\" decoding=\"async\" class=\"alignnone size-medium wp-image-1449\" src=\"https:\/\/www.tv-essingen.de\/wp-content\/uploads\/2019\/05\/IMG_20190509_162927171-300x225.jpg\" alt=\"\" width=\"300\" height=\"225\" srcset=\"https:\/\/www.tv-essingen.de\/wp-content\/uploads\/2019\/05\/IMG_20190509_162927171-300x225.jpg 300w, https:\/\/www.tv-essingen.de\/wp-content\/uploads\/2019\/05\/IMG_20190509_162927171-768x576.jpg 768w, https:\/\/www.tv-essingen.de\/wp-content\/uploads\/2019\/05\/IMG_20190509_162927171-1024x768.jpg 1024w\" sizes=\"auto, (max-width: 300px) 100vw, 300px\" \/><\/a><a href=\"https:\/\/www.tv-essingen.de\/wp-content\/uploads\/2019\/05\/IMG_20190510_124225963.jpg\"><img loading=\"lazy\" decoding=\"async\" class=\"alignnone size-medium wp-image-1450\" src=\"https:\/\/www.tv-essingen.de\/wp-content\/uploads\/2019\/05\/IMG_20190510_124225963-300x225.jpg\" alt=\"\" width=\"300\" height=\"225\" srcset=\"https:\/\/www.tv-essingen.de\/wp-content\/uploads\/2019\/05\/IMG_20190510_124225963-300x225.jpg 300w, https:\/\/www.tv-essingen.de\/wp-content\/uploads\/2019\/05\/IMG_20190510_124225963-768x576.jpg 768w, https:\/\/www.tv-essingen.de\/wp-content\/uploads\/2019\/05\/IMG_20190510_124225963-1024x768.jpg 1024w\" sizes=\"auto, (max-width: 300px) 100vw, 300px\" \/><\/a><a href=\"https:\/\/www.tv-essingen.de\/wp-content\/uploads\/2019\/05\/IMG-20190509-WA0002.jpg\"><img loading=\"lazy\" decoding=\"async\" class=\"alignnone size-medium wp-image-1451\" src=\"https:\/\/www.tv-essingen.de\/wp-content\/uploads\/2019\/05\/IMG-20190509-WA0002-300x169.jpg\" alt=\"\" width=\"300\" height=\"169\" srcset=\"https:\/\/www.tv-essingen.de\/wp-content\/uploads\/2019\/05\/IMG-20190509-WA0002-300x169.jpg 300w, https:\/\/www.tv-essingen.de\/wp-content\/uploads\/2019\/05\/IMG-20190509-WA0002-768x432.jpg 768w, https:\/\/www.tv-essingen.de\/wp-content\/uploads\/2019\/05\/IMG-20190509-WA0002-1024x576.jpg 1024w, https:\/\/www.tv-essingen.de\/wp-content\/uploads\/2019\/05\/IMG-20190509-WA0002.jpg 1600w\" sizes=\"auto, (max-width: 300px) 100vw, 300px\" \/><\/a><\/p>\n<p style=\"text-align: center;\"><strong>TVE \u2013 \u201eMit\u2019m Radl unterwegs\u201c &#8211; Tour vom 04.-09.06.18<\/strong><\/p>\n<p>Mit etwa 265 km in den Beinen, etlichen Hellen, Wei\u00dfbieren \u2013 aber auch Kaffees, Eisportionen und \u201eHollerschorlen\u201c &#8211; im Bauch sowie immer wieder phantastischen Bergpanoramen vor Augen ist die Radelgruppe des TVE am Samstag wieder wohlbehalten zur\u00fcckgekehrt. Wenn auch \u00fcberschattet vom kurzfristigen und zahntechnisch bedingten Ausfall eines Radelkameraden und dem ein oder anderen \u201ePlattfuss\u201c darf auch die diesj\u00e4hrige Tour wieder als voller Erfolg gewertet werden. Der ber\u00fchmte wei\u00df-blaue Himmel begleitete uns denn tags\u00fcber und Regen und Gewitter zogen fr\u00fchestens am sp\u00e4ten Nachmittag und nach sicherer R\u00fcckkehr ins Quartier auf.<\/p>\n<p>Schon die kleine Aufw\u00e4rmtour am Anreisetag um die Eggst\u00e4tter Seenlandschaft mit einem Abstecher zum Chiemsee unterstrich in eindrucksvoller Weise die Einzigartigkeit dieser malerischen Landschaft. Die zweite Tour entlang des Prientales nach Aschau und von dort im Gipfelsturm, zugegebenerma\u00dfen mit Seilbahnunterst\u00fctzung, auf den Aussichtsberg Kampenwand (1.670 m) zeigte, dass das \u201esanfte\u201c Chiemgauer H\u00fcgelland mitunter auch mit ausgewachsenen Bergen aufwarten kann und der Gruppe somit immer wieder sportliche H\u00f6chstleistungen abverlangte. Der grandiose Blick auf den Chiemsee und die imposante Bergkulisse der Chiemgauer Alpen lie\u00df die Anstrengungen aber schnell wieder vergessen.<\/p>\n<p>Zum Pflichtprogramm in dieser Wohlf\u00fchlregion geh\u00f6rt nat\u00fcrlich die Umrundung des Chiemsees, auf einem der sch\u00f6nsten Radwege Bayerns. Tagestouren nach Wasserburg am Inn und \u00fcber den Simssee nach Rosenheim rundeten das abwechslungsreiche Ausflugsprogramm ab. Hierbei wurden jeweils Teilabschnitte von Benedikt-, Inntal-, Bodensee-K\u00f6nigsee-, Mangfall- und Mozart-Radweg sowie der Via Julia beradelt. Immer wieder f\u00fchrte der Weg vorbei an pl\u00e4tschernden B\u00e4chen, leuchtend gr\u00fcnen Sommerwiesen, beschaulichen D\u00f6rfern und Geh\u00f6ften mit bunten Blumenbalkonen, wundersch\u00f6nen Bauerng\u00e4rten und gem\u00fctlichen Wirtsh\u00e4usern, welche nat\u00fcrlich den ein oder anderen \u201eBoxenstopp\u201c erforderten.<\/p>\n<p>Als idealer Ausgangsort f\u00fcr die Radabenteuer erwies sich das Seehotel direkt am Pelhamer See gelegen. Hier konnten die m\u00fcden Knochen bei der inkludierten Massage oder beim Fr\u00fch- oder aber auch Nachmittagsschwimmen wieder in Schwung gebracht werden. Bei abwechslungsreicher K\u00fcche mit kulinarischen Schmankerln sowie aufmerksamem Service konnte der Tag dann gem\u00fctlich auf der Seeterrasse ausklingen.<\/p>\n<p><a href=\"https:\/\/www.tv-essingen.de\/wp-content\/uploads\/2018\/06\/IMG_20180605_103703737.jpg\"><img loading=\"lazy\" decoding=\"async\" src=\"https:\/\/www.tv-essingen.de\/wp-content\/uploads\/2018\/06\/IMG_20180605_103703737-300x225.jpg\" alt=\"Radtour 2018\" width=\"300\" height=\"225\" \/><\/a>\u00a0<a href=\"https:\/\/www.tv-essingen.de\/wp-content\/uploads\/2018\/06\/IMG_20180605_122117407.jpg\"><img loading=\"lazy\" decoding=\"async\" src=\"https:\/\/www.tv-essingen.de\/wp-content\/uploads\/2018\/06\/IMG_20180605_122117407-225x300.jpg\" alt=\"Radtour 2018\" width=\"225\" height=\"300\" \/><\/a>\u00a0<a href=\"https:\/\/www.tv-essingen.de\/wp-content\/uploads\/2018\/06\/IMG_20180607_095646530.jpg\"><img loading=\"lazy\" decoding=\"async\" src=\"https:\/\/www.tv-essingen.de\/wp-content\/uploads\/2018\/06\/IMG_20180607_095646530-300x225.jpg\" alt=\"Radtour 2018\" width=\"300\" height=\"225\" \/><\/a>\u00a0<a href=\"https:\/\/www.tv-essingen.de\/wp-content\/uploads\/2018\/06\/IMG_20180604_170431084_HDR.jpg\"><img loading=\"lazy\" decoding=\"async\" src=\"https:\/\/www.tv-essingen.de\/wp-content\/uploads\/2018\/06\/IMG_20180604_170431084_HDR-225x300.jpg\" alt=\"Radtour 2018\" width=\"225\" height=\"300\" \/><\/a>\u00a0<a href=\"https:\/\/www.tv-essingen.de\/wp-content\/uploads\/2018\/06\/IMG_20180605_100807091.jpg\"><img loading=\"lazy\" decoding=\"async\" src=\"https:\/\/www.tv-essingen.de\/wp-content\/uploads\/2018\/06\/IMG_20180605_100807091-300x225.jpg\" alt=\"Radtour 2018\" width=\"300\" height=\"225\" \/><\/a>\u00a0<a href=\"https:\/\/www.tv-essingen.de\/wp-content\/uploads\/2018\/06\/IMG_20180605_114511002_BURST000_COVER.jpg\"><img loading=\"lazy\" decoding=\"async\" src=\"https:\/\/www.tv-essingen.de\/wp-content\/uploads\/2018\/06\/IMG_20180605_114511002_BURST000_COVER-300x225.jpg\" alt=\"Radtour 2018\" width=\"300\" height=\"225\" \/><\/a>\u00a0<a href=\"https:\/\/www.tv-essingen.de\/wp-content\/uploads\/2018\/06\/IMG_20180605_122422893_HDR.jpg\"><img loading=\"lazy\" decoding=\"async\" src=\"https:\/\/www.tv-essingen.de\/wp-content\/uploads\/2018\/06\/IMG_20180605_122422893_HDR-300x225.jpg\" alt=\"Radtour 2018\" width=\"300\" height=\"225\" \/><\/a>\u00a0<a href=\"https:\/\/www.tv-essingen.de\/wp-content\/uploads\/2018\/06\/IMG_20180608_110659165.jpg\"><img loading=\"lazy\" decoding=\"async\" src=\"https:\/\/www.tv-essingen.de\/wp-content\/uploads\/2018\/06\/IMG_20180608_110659165-300x225.jpg\" alt=\"Radtour 2018\" width=\"300\" height=\"225\" \/><\/a>\u00a0<a href=\"https:\/\/www.tv-essingen.de\/wp-content\/uploads\/2018\/06\/IMG_20180608_201125615.jpg\"><img loading=\"lazy\" decoding=\"async\" src=\"https:\/\/www.tv-essingen.de\/wp-content\/uploads\/2018\/06\/IMG_20180608_201125615-300x225.jpg\" alt=\"Radtour 2018\" width=\"300\" height=\"225\" \/><\/a><\/p>\n<p>Vielen Dank an J\u00fcrgen Acker, der die Tour wieder perfekt organisiert und geleitet hat und diesen ausf\u00fchrlichen Bericht verfasst hat!<\/p>\n<p>&nbsp;<\/p>\n<p align=\"center\"><strong>TVE \u2013 \u201eMit\u2019m Radl unterwegs\u201c 2017<\/strong><\/p>\n<p>Schon seit Jahren geh\u00f6rt das M\u00fcnsterland zu Deutschlands Lieblingsradregionen und war darum erkl\u00e4rtes und im Jahr \u201e3\u201c seit Beginn der mehrt\u00e4gigen Radexcursionen drittes Ziel einer kleinen, nahezu gleich besetzten, radbegeisterten Abordnung des TVE. Als echter Gl\u00fccksgriff erwies sich das Hotel Kemper in Havixbeck in welchem die Gruppe w\u00e4hrend des gesamten Aufenthaltes n\u00e4chtigte und freundliche, famili\u00e4re m\u00fcnsterl\u00e4ndische Gastfreundschaft mit viel Herz und kulinarischen Leckerbissen genie\u00dfen konnte.<\/p>\n<p>Das M\u00fcnsterland zeichnet sich durch seine Kontraste aus. Das abwechslungsreiche Bild der typischen Parklandschaft ist gepr\u00e4gt von \u00fcberwiegend flachen Gebieten mit Wiesen, Weiden, Fl\u00fcssen und Feldern. Zahlreiche historische St\u00e4dte, d\u00f6rfliche Idyllen sowie stattliche Bauerngeh\u00f6fte runden, gemeinsam mit der Stadt M\u00fcnster mit ihrer interessanten und geschichtstr\u00e4chtigen Altstadt, das Regionsprofil ab. Mitten in dieser herrlichen Landschaft liegen aber die wahren Sch\u00e4tze des M\u00fcnsterlandes: mehr als 100 Schl\u00f6sser, Burgen und Herrensitze mit imposanten Schlossg\u00e4rten und Parkanlagen.<\/p>\n<p>Kontrastreich war denn auch das Ausflugsprogramm. Ziel einer kleinen Auftakttour mit dem \u201eLeeze\u201c auf den \u201eP\u00e4ttken\u201c (Fahrrad bzw. Radweg in m\u00fcnsterl\u00e4nder Mundart) bereits am Anreisetag war Schloss H\u00fclshoff, Geburtsort der Autorin Annette von Droste-H\u00fclshoff. Neben einem Abstecher in die\u00a0 benachbarten Niederlande wo auf der Flamingoroute dann gegen Tourende tats\u00e4chlich Flamingos gesichtet wurden, einem Tagesausflug nach M\u00fcnster, dem Flussduett auf dem Ems- sowie dem wundersch\u00f6nen Werse-Radweg f\u00fchrte der letzte Tag auf einem Teilst\u00fcck der 100-Schl\u00f6sserroute zur Wasserburg Vischering in L\u00fcdinghausen und zum Schloss Nordkirchen, dem westf\u00e4lischen Versailles.<\/p>\n<p>Nach einer spannenden Zeitreise auf architektonisch und landschaftlich einmaligen Radrouten kehrte die Reisegruppe dann begeistert und um viele interessante Eindr\u00fccke bereichert im Reisegespann, bestehend aus VW-Bus und Fahrradanh\u00e4nger, gesund und ohne Zwischenf\u00e4lle, nicht zuletzt dank der Fahrk\u00fcnste von Walter und Wolle, in die Heimat zur\u00fcck.<\/p>\n<p><a href=\"https:\/\/www.tv-essingen.de\/wp-content\/uploads\/2017\/06\/02_IMG-20170621-WA0001.jpg\"><img loading=\"lazy\" decoding=\"async\" src=\"https:\/\/www.tv-essingen.de\/wp-content\/uploads\/2017\/06\/02_IMG-20170621-WA0001-300x225.jpg\" alt=\"Radtour 2017\" width=\"300\" height=\"225\" \/><\/a><a href=\"https:\/\/www.tv-essingen.de\/wp-content\/uploads\/2017\/06\/IMG_5269.jpg\"><img loading=\"lazy\" decoding=\"async\" src=\"https:\/\/www.tv-essingen.de\/wp-content\/uploads\/2017\/06\/IMG_5269-300x225.jpg\" alt=\"Radtour 2017\" width=\"300\" height=\"225\" \/><\/a><a href=\"https:\/\/www.tv-essingen.de\/wp-content\/uploads\/2017\/06\/IMG_5299.jpg\"><img loading=\"lazy\" decoding=\"async\" src=\"https:\/\/www.tv-essingen.de\/wp-content\/uploads\/2017\/06\/IMG_5299-300x225.jpg\" alt=\"Radtour 2017\" width=\"300\" height=\"225\" \/><\/a><a href=\"https:\/\/www.tv-essingen.de\/wp-content\/uploads\/2017\/06\/IMG_5283.jpg\"><img loading=\"lazy\" decoding=\"async\" src=\"https:\/\/www.tv-essingen.de\/wp-content\/uploads\/2017\/06\/IMG_5283-225x300.jpg\" alt=\"Radtour 2017\" width=\"225\" height=\"300\" \/><\/a><a href=\"https:\/\/www.tv-essingen.de\/wp-content\/uploads\/2017\/06\/IMG_5312.jpg\"><img loading=\"lazy\" decoding=\"async\" src=\"https:\/\/www.tv-essingen.de\/wp-content\/uploads\/2017\/06\/IMG_5312-300x225.jpg\" alt=\"Radtour 2017\" width=\"300\" height=\"225\" \/><\/a><a href=\"https:\/\/www.tv-essingen.de\/wp-content\/uploads\/2017\/06\/IMG_5319.jpg\"><img loading=\"lazy\" decoding=\"async\" src=\"https:\/\/www.tv-essingen.de\/wp-content\/uploads\/2017\/06\/IMG_5319-225x300.jpg\" alt=\"Radtour 2017\" width=\"225\" height=\"300\" \/><\/a><a href=\"https:\/\/www.tv-essingen.de\/wp-content\/uploads\/2017\/06\/IMG_5338.jpg\"><img loading=\"lazy\" decoding=\"async\" src=\"https:\/\/www.tv-essingen.de\/wp-content\/uploads\/2017\/06\/IMG_5338-300x225.jpg\" alt=\"Radtour 2017\" width=\"300\" height=\"225\" \/><\/a><\/p>\n<p>Vielen Dank an J\u00fcrgen Acker f\u00fcr diesen Bericht und f\u00fcr die Organisation und Leitung unserer Radtour!<\/p>\n<p>&nbsp;<\/p>\n<p align=\"center\"><strong>TVE erneut \u201emit\u2019m Radel unterwegs\u201c 2016<\/strong><\/p>\n<p>Der Elberadweg, einer der beliebtesten Radwege Deutschlands, war das Ziel der zweiten mehr-t\u00e4gigen Ausfahrt einer kleinen TVE-Radelgruppe. Die Anreise stand zun\u00e4chst unter keinem guten Stern, war doch die komfortable direkte ICE-Verbindung \u201eNW \u2013 Dresden\u201c der schlechten Witterung zum Opfer und somit ausgefallen. \u201eElbflorenz\u201c konnte somit nur \u00fcber Umwege und mit mehr-st\u00fcndiger Versp\u00e4tung erreicht werden. Aber schlie\u00dflich angekommen schien auch schon wieder kr\u00e4ftig die Sonne und das gute Wetter hielt dann trotz wenig guter Vorhersagen \u00fcber die gesamte Woche an. Zur Einstimmung f\u00fchrte die abendliche Runde entlang der Elbe mit Blick auf die pr\u00e4chtige Kulisse Dresdens und seiner wiederhergestellten prunkvollen Baudenkm\u00e4ler.<\/p>\n<p>Am zweiten Tag begann die eigentliche Radtour im herrlich gelegenen Bad Schandau in der s\u00e4chsischen Schweiz. Vorbei an der imposanten Festung K\u00f6nigstein und den grauen Felsen der Bastei f\u00fchrte der Weg dann durch die wundersch\u00f6nen Elbauen, die St\u00e4dte Wehlen und Pirna sowie am Schlo\u00df Pillnitz und dem \u201eBlauen Wunder\u201c vorbei zur\u00fcck nach Dresden.<\/p>\n<p>Gleich nach Dresden beginnt das kleinste und nord\u00f6stlichste Weinanbaugebiet mit seiner sanften H\u00fcgellandschaft. Klar, dass sich Pf\u00e4lzer hier wohl und heimisch f\u00fchlen. Nach Radebeul gr\u00fc\u00dft in der Ferne dann schon bald das Wahrzeichen von Mei\u00dfen, der Burgberg mit Dom und Albrechtsburg. Nach einer ausgiebigen Stadtbesichtigung ging es am fr\u00fchen Nachmittag weiter. Etappenziel war schlie\u00dflich die Sport und Nudelstadt Riesa.<\/p>\n<p>Am Tag 3, in M\u00fchlberg kam es zur ersten von zwei Reifenpannen, welche in Teamleistung jedoch bravour\u00f6s gemeistert wurden. Der Weg f\u00fchrte \u00fcber Belgern, den Ort mit der deutschlandweit gr\u00f6\u00dften Rolandsstatue nach Torgau. Am Abend durfte die Gruppe eine kabarettreife Stadtf\u00fchrung durch eine der sch\u00f6nsten Renaissancest\u00e4dte Deutschlands geniessen.<\/p>\n<p>Endziel der etwa 260 Km-langen Tour war schlie\u00dflich die Lutherstadt Wittenberg. Vorab wurde letztmals mit Hilfe einer der vielen Gierf\u00e4hren, am Seil h\u00e4ngende motorlose F\u00e4hren, das Elbufer gewechselt. Trotz massivem Gegenwind aber dank der stetigen St\u00e4rkung mit \u201eGaffee und Guchen\u201c, meistens Eierschecke, wurde an diesem Tag Spitzengeschwindigkeit gefahren. Auf den Spuren Martin Luthers wandelte die Gruppe dann am Abend durch die Stadt und konnte abschlie\u00dfend noch einmal die s\u00e4chsische K\u00fcche geniessen. Am Folgetag gegen Mittag ging es per Bahn wieder zur\u00fcck in die Heimat.<\/p>\n<p>F\u00fcr das kommende Jahr ist eine weitere Ausfahrt geplant. M\u00f6gliches Ziel, das M\u00fcnsterland!<\/p>\n<p><em>Ein ganz besonderes Dankesch\u00f6n geht an dieser Stelle an J\u00fcrgen Acker, der die Tour wieder perfekt organisiert hat (incl. Wetter) und von dem auch dieser Text und die Bilder kommen!<\/em><\/p>\n<p><a href=\"https:\/\/www.tv-essingen.de\/wp-content\/uploads\/2016\/06\/1.-Juni-3.jpg\"><img loading=\"lazy\" decoding=\"async\" src=\"https:\/\/www.tv-essingen.de\/wp-content\/uploads\/2016\/06\/1.-Juni-3-300x168.jpg\" alt=\"Radeln 2016 1. Juni (3)\" width=\"300\" height=\"168\" \/><\/a><a href=\"https:\/\/www.tv-essingen.de\/wp-content\/uploads\/2016\/06\/31.-Mai-6.jpg\"><img loading=\"lazy\" decoding=\"async\" src=\"https:\/\/www.tv-essingen.de\/wp-content\/uploads\/2016\/06\/31.-Mai-6-300x168.jpg\" alt=\"Radeln 2016 31. Mai (6)\" width=\"300\" height=\"168\" \/><\/a><a href=\"https:\/\/www.tv-essingen.de\/wp-content\/uploads\/2016\/06\/Wittenberg-3.-Juni-5.jpg\"><img loading=\"lazy\" decoding=\"async\" src=\"https:\/\/www.tv-essingen.de\/wp-content\/uploads\/2016\/06\/Wittenberg-3.-Juni-5-168x300.jpg\" alt=\"Radeln 2016 Wittenberg, 3. Juni (5)\" width=\"168\" height=\"300\" \/><\/a><\/p>\n<p align=\"center\"><strong>TVE \u201emit\u2019m Radel unterwegs\u201c 2015<\/strong><\/p>\n<p>Am vergangenen Montag machten sich sieben abenteuerlustige Vereinsmitglieder auf den Weg, um\u00a0 in 4 Tagen die Strecke Saverne im Elsass bis nach Trier abzustrampeln. Bei fast idealem Radelwetter ging es zun\u00e4chst am Rhein-Marne-Kanal entlang bis zu den lothringschen Weihern. Nach einer abenteuerlichen Br\u00fccken\u00fcberquerung war Mittersheim das erste Ziel der M\u00fche. Ein exquisites Drei-G\u00e4nge-Men\u00fc entlohnte f\u00fcr die Strapazen der ersten 78 Km-Etappe. Am zweiten Tag f\u00fchrte der Weg entlang des Canal des Houlli\u00e8res und schlie\u00dflich der Saar, vorbei an romantischen Schleusen und vertr\u00e4umten Naturlandschaften \u00fcber Sarreguemines bis nach Saarbr\u00fccken. \u201eHauptsach gut gess\u201c hie\u00df es denn am Abend und bei saarl\u00e4ndischen Spezialit\u00e4ten lie\u00df die Gruppe den Tag ausklingen.<\/p>\n<p>Das Highlight des dritten Tages war ohne Zweifel die 1986 stillgelegte V\u00f6lklinger H\u00fctte. Bei einer F\u00fchrung wurden die Teilnehmer in die Eisen- und Stahlwelt vergangener Tage entf\u00fchrt und konnten die imposante Architektur des UNESCO Weltkulturerbes bestaunen. \u00dcber Saarlouis f\u00fchrte der Weg weiter bis nach Merzig, dem dritten Etappenziel. Am letzten Tourtag wurde die Saarschleife bei Mettlach passiert und die mittelalterlich gepr\u00e4gte wundersch\u00f6nen Stadt Saarburg war ein weiterer H\u00f6hepunkt der Radtour. Weiter ging es \u00fcber Konz, wo die Saar in die Mosel m\u00fcndet, und schlie\u00dflich bis nach Trier, der \u00e4ltesten Stadt Deutschlands. Nach einer Stadtf\u00fchrung wartete dann auch schon\u00a0 \u201eChauffeur\u201c Werner Mittag (lieber Werner, herzlichen Dank nochmals an dieser Stelle f\u00fcr deine M\u00fche) um die Radelgruppe wieder abzuholen.<\/p>\n<p>Insgesamt wurden in einer reinen Fahrzeit von etwa 18 Stunden ca. 240 Km bew\u00e4ltigt. Aufgrund der vielen Eindr\u00fccke und Erlebnisse und der stets guten Stimmung, trotz gelegentlichem Gegenwind, war man sich schnell einig, dass auch im n\u00e4chsten Jahr wieder eine Tour angeboten werden soll. Ziel und Zeitpunkt werden rechtzeitig auf diesem Wege ver\u00f6ffentlicht.<\/p>\n<p><a href=\"https:\/\/www.tv-essingen.de\/wp-content\/uploads\/2015\/06\/IMG_2102.jpg\"><img loading=\"lazy\" decoding=\"async\" src=\"https:\/\/www.tv-essingen.de\/wp-content\/uploads\/2015\/06\/IMG_2102-300x225.jpg\" alt=\"Radtour1\" width=\"300\" height=\"225\" \/><\/a>\u00a0<a href=\"https:\/\/www.tv-essingen.de\/wp-content\/uploads\/2015\/06\/IMG_2219.jpg\"><img loading=\"lazy\" decoding=\"async\" src=\"https:\/\/www.tv-essingen.de\/wp-content\/uploads\/2015\/06\/IMG_2219-300x225.jpg\" alt=\"Radtour2\" width=\"300\" height=\"225\" \/><\/a><\/p>\n","protected":false},"excerpt":{"rendered":"<p>TVE, zum 6. Mal mit dem Rad\u2019l unterwegs 1. \u2013 8. Juni 2020, \u201eWESER, vom Ursprung bis ans Meer\u201c Die Teilnehmer der diesj\u00e4hrigen Radtour \u201eSpree \/ Spreewald\u201c haben abgestimmt und sich einstimmig f\u00fcr das Jahr 2020 die vier Sterne Qualit\u00e4tstour den \u201eWeser-Radweg\u201c ausgesucht. Mit Bus, H\u00e4nger und eigenen R\u00e4dern geht es am Pfingstmontag, 1. Juni <span class=\"ellipsis\">&hellip;<\/span> <span class=\"more-link-wrap\"><a href=\"https:\/\/www.tv-essingen.de\/?page_id=753\" class=\"more-link\"><span>Read More &rarr;<\/span><\/a><\/span><\/p>\n","protected":false},"author":1,"featured_media":0,"parent":300,"menu_order":0,"comment_status":"closed","ping_status":"closed","template":"","meta":{"footnotes":""},"class_list":["post-753","page","type-page","status-publish","hentry"],"_links":{"self":[{"href":"https:\/\/www.tv-essingen.de\/index.php?rest_route=\/wp\/v2\/pages\/753","targetHints":{"allow":["GET"]}}],"collection":[{"href":"https:\/\/www.tv-essingen.de\/index.php?rest_route=\/wp\/v2\/pages"}],"about":[{"href":"https:\/\/www.tv-essingen.de\/index.php?rest_route=\/wp\/v2\/types\/page"}],"author":[{"embeddable":true,"href":"https:\/\/www.tv-essingen.de\/index.php?rest_route=\/wp\/v2\/users\/1"}],"replies":[{"embeddable":true,"href":"https:\/\/www.tv-essingen.de\/index.php?rest_route=%2Fwp%2Fv2%2Fcomments&post=753"}],"version-history":[{"count":19,"href":"https:\/\/www.tv-essingen.de\/index.php?rest_route=\/wp\/v2\/pages\/753\/revisions"}],"predecessor-version":[{"id":1532,"href":"https:\/\/www.tv-essingen.de\/index.php?rest_route=\/wp\/v2\/pages\/753\/revisions\/1532"}],"up":[{"embeddable":true,"href":"https:\/\/www.tv-essingen.de\/index.php?rest_route=\/wp\/v2\/pages\/300"}],"wp:attachment":[{"href":"https:\/\/www.tv-essingen.de\/index.php?rest_route=%2Fwp%2Fv2%2Fmedia&parent=753"}],"curies":[{"name":"wp","href":"https:\/\/api.w.org\/{rel}","templated":true}]}}